{"id":230,"date":"2015-11-18T04:14:34","date_gmt":"2015-11-18T04:14:34","guid":{"rendered":"http:\/\/wphunters.com\/cleanphoto\/?page_id=230"},"modified":"2019-04-05T00:27:31","modified_gmt":"2019-04-04T22:27:31","slug":"nejc-bole-porocni-fotograf","status":"publish","type":"page","link":"https:\/\/nejcbole.com\/si\/nejc-bole-porocni-fotograf\/","title":{"rendered":"O meni"},"content":{"rendered":"<p>[vc_row][vc_column][vc_column_text]<\/p>\n<h1><\/h1>\n<h1>To je moja ZGODBA.<\/h1>\n<h2>Naj povem \u0161e svojo zgodbo. Nisem le poro\u010dni fotograf. V prvi vrsti sem \u010dlovek. Prav tako kot vidva. Dru\u017eina je zame na prvem mestu.<\/h2>\n<p>[\/vc_column_text][\/vc_column][\/vc_row][vc_row][vc_column width=&#8221;1\/2&#8243;][vc_column_text]<\/p>\n<h4>Moje ime je Nejc Bole in to je moja zgodba. Prihajam iz Ajdov\u0161\u010dine, srca Vipavske doline. Sem PORO\u010cNI FOTOGRAF. To, da sem odra\u0161\u010dal obdan z NARAVO, me je oblikovalo v &#8220;outdoor&#8221; entuziasta. Veliko \u010dasa pre\u017eivim zunaj, v naravi, s svojo DRU\u017dINO in na\u0161im psom. Njim dolgujem vse. Predvsem pa \u017eeni, ki me podpira na vsakem koraku. Je moj najve\u010dji kritik, a hkrati najve\u010dji obo\u017eevalec in najpomembneje, moja najve\u010dja inspiracija. Skupaj sva \u017ee ve\u010d kot 17 let in imava tri \u010dudovite otroke. Kljub vsem oviram, ki jih prina\u0161a vsak dan, \u017eiviva svoje SANJE in u\u017eivava sleheren trenutek.<\/h4>\n<h2>Moja zgodba se imenuje \u017dIVLJENJE.<\/h2>\n<h4>Sem dru\u017einski \u010dlovek in gojim veliko spo\u0161tovanje do ZAKONA. Zato sem po\u010da\u0161\u010den, da razmi\u0161ljata o tem da me vzameta za vajinega PORO\u010cNEGA FOTOGRAFA. Poroke so \u010dudovita praznovanja, polna veselja, smeha, EMOCIJ, solz sre\u010de. Te trenutke bom ujel in jih zapisal za vaju. \u017delim si biti del vajine POTI in jo dokumentirati v naj\u010distej\u0161i obliki. Naj bom vajin sopotnik, da lahko skupaj ustvarimo nekaj druga\u010dnega, a vseeno lepega.<\/h4>\n<h4>Zdaj pa je \u010das, da vama predam besedo in mi povesta kaj o vaju dveh. <a href=\"https:\/\/nejcbole.com\/si\/kontakt\/\">Pi\u0161ita mi<\/a> ali me pokli\u010dita in mi zaupajta vajine na\u010drte. Z nekaj sre\u010de lahko del vajine zgodbe zapi\u0161emo skupaj.<\/h4>\n<h4><\/h4>\n<p>[\/vc_column_text][\/vc_column][vc_column width=&#8221;1\/2&#8243;][vc_single_image image=&#8221;44&#8243; img_size=&#8221;550&#215;550&#8243; alignment=&#8221;right&#8221;][\/vc_column][\/vc_row][vc_row][vc_column][vc_empty_space height=&#8221;52px&#8221;][\/vc_column][\/vc_row][vc_row][vc_column width=&#8221;1\/2&#8243;][vc_single_image image=&#8221;4733&#8243; img_size=&#8221;550&#215;550&#8243;][\/vc_column][vc_column width=&#8221;1\/2&#8243;][vc_column_text]<\/p>\n<h2><\/h2>\n<p>&nbsp;<\/p>\n<p>&nbsp;<\/p>\n<h2 style=\"text-align: center;\">INVESTICIJA.<\/h2>\n<p style=\"text-align: center;\">X<\/p>\n<p style=\"text-align: center;\">Investicija v poro\u010dnega fotografa je investicija za prihodnost. Vajine fotografije bodo postale \u017eive natisnjene na kakovostnih papirjih in znotraj poro\u010dne knjige, ki vama jo ponujam.<\/p>\n<p style=\"text-align: center;\">X<\/p>\n<p style=\"text-align: center;\"><a href=\"https:\/\/nejcbole.com\/si\/kontakt\/\">VE\u010c INFORMACIJ<\/a><\/p>\n<p>[\/vc_column_text][\/vc_column][\/vc_row][vc_row][vc_column][vc_empty_space height=&#8221;52px&#8221;][\/vc_column][\/vc_row][vc_row][vc_column][vc_toggle title=&#8221;Pogosto zastavljena vpra\u0161anja&#8221; el_id=&#8221;1515833804279-d60de4a3-c6cb&#8221;]<\/p>\n<h4 style=\"text-align: center;\"><\/h4>\n<h5>KAKO LAHKO REZERVIRAVA DATUM?<\/h5>\n<p>Priporo\u010dam, da si najprej ogledata moje galerije in se prepri\u010data, da vama je moj slog v\u0161e\u010d. \u010ce sta navdu\u0161ena nad videnim mi po\u0161ljita sporo\u010dilo in mi povejta kaj ve\u010d o vaju in vajinih na\u010drtih. Ko bosta pripravljena na to da rezervirata datum, bomo podpisali pogodbo. Ob rezervaciji je potrebno vpla\u010dilo are v vi\u0161ini 20% celotne cene storitve.<\/p>\n<h5>KJE LAHKO VIDIVA CENIK STORITEV?<\/h5>\n<p>Po\u0161ljita mi sporo\u010dilo in poslal vama bom cenik. Za za\u010detek imam pripravljenih nekaj paketov lahko pa vama pripravim ponudbo, ki bo ustrezala vajinim \u017eeljam.<\/p>\n<h5>SE BOMO VIDELI PRED POROKO?<\/h5>\n<p>Nedvomno! Svoje stranke \u017eelim bolje spoznati, zato se bomo sigurno skupaj vsedli in se pogovorili ob kavi ali vajini priljubljeni pija\u010di. \u010ce sta dale\u010d stran ali se ne moremo \u010dasovno uskladiti se seveda lahko sli\u0161imo tudi preko Skypa ali podobne aplikacije. Na sestanku mi seveda lahko postavita vsa vpra\u0161anja, ki vaju mu\u010dijo in lahko predelamo vajin poro\u010dni dan korak po koraku.<\/p>\n<h5>KOLIKO FOTOGRAFIJ PREJMEVA?<\/h5>\n<p>Vsaka poroka je zgodba zase in vse to je odvisno od dol\u017eine poroke ter samega dogajanja. Ko bom vedel ve\u010d o vajini poroki, vama lahko podam \u0161tevilo, koliko fotografij lahko pri\u010dakujeta.<\/p>\n<h5>LAHKO DOBIVA TUDI NEOBDELANE DATOTEKE?<\/h5>\n<p>Ne, \u017eal. To je, kot bi v restavraciji naro\u010dila surovo jed. Delo enostavno ni dokon\u010dano in se mi zdi neprofesionalno. Vse fotografije, ki jih prejmeta so obdelane.<\/p>\n<h5>NA KAK\u0160EN NA\u010cIN PREJMEVA FOTOGRAFIJE?<\/h5>\n<p>Ko bodo fotografije pripravljene, vama bodo na voljo v li\u010dni spletni galeriji, za\u0161\u010diteni z geslom. Lahko si jih preneseta, izdelata liste najljub\u0161ih ter jih delita s prijatelji in dru\u017eino. Prav tako vama bom poslal USB klju\u010dek z vsemi fotografijami. Vse fotografije so jpg datoteke v visoki lo\u010dljivosti.<\/p>\n<h5>KAJ LAHKO STORIVA S PREJETIMI FOTOGRAFIJAMI?<\/h5>\n<p>Imata vse pravice za osebno uporabo. To pomeni, da lahko delate ne\u0161teto kopij in jih prosto delita z dru\u017eino in prijatelji. Fotografije so brez vodnega \u017eiga. \u010ce jih bosta \u017eelela kjerkoli javno objaviti, vaju vljudno prosim, da me navedeta kot avtorja fotografij.<\/p>\n<h5>V KOLIKEM \u010cASU LAHKO PRI\u010cAKUJEVA FOTOGRAFIJE?<\/h5>\n<p>\u010cas za dostavo fotografij lahko varira glede na mesec vajine poroke. Od decembra do junija lahko pri\u010dakujeta vajine fotografije v 3-4 tednih. Od junija do decembra pa bodo dostavljene v 4-6 tednih.<\/p>\n<h5>KAJ PA ALBUM?<\/h5>\n<p>Na \u017eeljo seveda izdelam tudi album. Nekateri paketi ga \u017ee vsebujejo. Seveda pa si album lahko izbereta po svojih \u017eeljah.<\/p>\n<h5>KOLIKO \u010cASA NAJ SI VZAMEVA ZA FOTOGRAFIRANJE?<\/h5>\n<p>To je precej te\u017eko vpra\u010danje. Seveda je odvisno od rezultata, ki si ga \u017eelita. \u010ce pri\u010dakujeta le nekaj fotografij, ne rabita zapu\u0161\u010dati svojih gostov za dolgo. \u010ce pa si \u017eelita res dobrih fotografij, priporo\u010dam, da si vzameta pribli\u017eno uro vajinega \u010dasa. Vse to pa je odvisno od dostopnosti in oddaljenosti lokacije, kjer si \u017eelita fotografij.<\/p>\n<h5>KDAJ JE NAJBOLJ\u0160I \u010cAS ZA PORTRETNE FOTOGRAFIJE?<\/h5>\n<p>Najbolj\u0161a svetloba je seveda kako uro ali ve\u010d pred son\u010dnim zahodom, ter minute po njem. Takrat sonce ustvari mehko svetlobo in ne bo ostrih senc. Ampak obljubim vama odli\u010dne fotografije v katerem koli \u010dasu dneva zato ni potrebno spreminjati urnika le zaradi fotografij. Vedno si lahko vzameta 10 minut med ve\u010derjo, da lahko naredimo fotografije v krasni mehki svetlobi.<\/p>\n<h5>A SI NA VOLJO TUDI ZA POROKE V TUJINI?<\/h5>\n<p>Seveda! Sledil vama bom, kamor me bosta peljala. \u0160e najraje nekam, kjer \u0161e nisem bil. Po\u0161ljita mi sporo\u010dilo in o vsem se lahko pogovorimo.<\/p>\n<h5>IMA\u0160 S SEBOJ REZERVNO OPREMO?<\/h5>\n<p>Vedno! Fotografiram z dvema fotoaparatoma in vedno je \u0161e en v torbi, za vsak slu\u010daj.<\/p>\n<p>VE\u010c VPRA\u0160ANJ?<\/p>\n<p>Naj vaju ne bo sram. Po\u0161ljita mi <a href=\"https:\/\/nejcbole.com\/si\/kontakt\/\">sporo\u010dilo<\/a>.[\/vc_toggle][\/vc_column][\/vc_row][vc_row][vc_column][vc_empty_space][\/vc_column][\/vc_row][vc_row][vc_column][vc_column_text]<\/p>\n<p style=\"text-align: center;\"><strong>NEJC BOLE<\/strong><\/p>\n<p style=\"text-align: center;\">PORO\u010cNI FOTOGRAF<\/p>\n<p><img loading=\"lazy\" class=\"wp-image-4952 aligncenter\" src=\"https:\/\/nejcbole.com\/si\/wp-content\/uploads\/2018\/01\/WOLF_POLY.png\" alt=\"wedding photographer\" width=\"100\" height=\"155\" srcset=\"https:\/\/nejcbole.com\/si\/wp-content\/uploads\/2018\/01\/WOLF_POLY.png 264w, https:\/\/nejcbole.com\/si\/wp-content\/uploads\/2018\/01\/WOLF_POLY-193x300.png 193w\" sizes=\"(max-width: 100px) 100vw, 100px\" \/>[\/vc_column_text][\/vc_column][\/vc_row]<\/p>\n<p><a href=\"\/\/www.pinterest.com\/pin\/create\/button\/\" data-pin-do=\"buttonBookmark\" data-pin-color=\"red\" data-pin-height=\"128\"><img src=\"\/\/assets.pinterest.com\/images\/pidgets\/pinit_fg_en_rect_red_28.png\" \/><\/a><\/p><!-- AddThis Advanced Settings generic via filter on the_content --><!-- AddThis Share Buttons generic via filter on the_content -->","protected":false},"excerpt":{"rendered":"<p>[vc_row][vc_column][vc_column_text] To je moja ZGODBA. Naj povem \u0161e svojo zgodbo. Nisem le poro\u010dni fotograf. V prvi vrsti sem..<!-- AddThis Advanced Settings generic via filter on wp_trim_excerpt --><!-- AddThis Share Buttons generic via filter on wp_trim_excerpt --><\/p>\n","protected":false},"author":1,"featured_media":4883,"parent":0,"menu_order":0,"comment_status":"closed","ping_status":"closed","template":"","meta":[],"yoast_head":"<!-- This site is optimized with the Yoast SEO plugin v16.2 - https:\/\/yoast.com\/wordpress\/plugins\/seo\/ -->\n<title>Poro\u010dni fotograf iz Slovenije, Nejc Bole photography - O meni<\/title>\n<meta name=\"description\" content=\"Poro\u010dni fotograf. Pripovedovalec zgodb. Zabele\u017eil bom vajine najintimnej\u0161e trenutke in ustvaril spomine. Dovolita mi, da bom del vajine skupne poti.\" \/>\n<meta name=\"robots\" content=\"index, follow, max-snippet:-1, max-image-preview:large, max-video-preview:-1\" \/>\n<link rel=\"canonical\" href=\"https:\/\/nejcbole.com\/si\/nejc-bole-porocni-fotograf\/\" \/>\n<meta property=\"og:locale\" content=\"sl_SI\" \/>\n<meta property=\"og:type\" content=\"article\" \/>\n<meta property=\"og:title\" content=\"Poro\u010dni fotograf iz Slovenije, Nejc Bole photography - O meni\" \/>\n<meta property=\"og:description\" content=\"Poro\u010dni fotograf. Pripovedovalec zgodb. Zabele\u017eil bom vajine najintimnej\u0161e trenutke in ustvaril spomine. Dovolita mi, da bom del vajine skupne poti.\" \/>\n<meta property=\"og:url\" content=\"https:\/\/nejcbole.com\/si\/nejc-bole-porocni-fotograf\/\" \/>\n<meta property=\"og:site_name\" content=\"Nejc Bole\" \/>\n<meta property=\"article:publisher\" content=\"https:\/\/www.facebook.com\/nejcbolephotography\/\" \/>\n<meta property=\"article:modified_time\" content=\"2019-04-04T22:27:31+00:00\" \/>\n<meta property=\"og:image\" content=\"https:\/\/nejcbole.com\/si\/wp-content\/uploads\/2015\/11\/naslov-e1510659155380.jpg\" \/>\n\t<meta property=\"og:image:width\" content=\"1200\" \/>\n\t<meta property=\"og:image:height\" content=\"444\" \/>\n<meta name=\"twitter:card\" content=\"summary\" \/>\n<meta name=\"twitter:site\" content=\"@kamplcshop\" \/>\n<meta name=\"twitter:label1\" content=\"Est. reading time\">\n\t<meta name=\"twitter:data1\" content=\"5 minut\">\n<script type=\"application\/ld+json\" class=\"yoast-schema-graph\">{\"@context\":\"https:\/\/schema.org\",\"@graph\":[{\"@type\":\"WebSite\",\"@id\":\"https:\/\/nejcbole.com\/si\/#website\",\"url\":\"https:\/\/nejcbole.com\/si\/\",\"name\":\"Nejc Bole\",\"description\":\"Wedding photographer based in Slovenia. Creating wedding stories all over the world.\",\"potentialAction\":[{\"@type\":\"SearchAction\",\"target\":\"https:\/\/nejcbole.com\/si\/?s={search_term_string}\",\"query-input\":\"required name=search_term_string\"}],\"inLanguage\":\"sl-SI\"},{\"@type\":\"ImageObject\",\"@id\":\"https:\/\/nejcbole.com\/si\/nejc-bole-porocni-fotograf\/#primaryimage\",\"inLanguage\":\"sl-SI\",\"url\":\"https:\/\/nejcbole.com\/si\/wp-content\/uploads\/2015\/11\/naslov-e1510659155380.jpg\",\"contentUrl\":\"https:\/\/nejcbole.com\/si\/wp-content\/uploads\/2015\/11\/naslov-e1510659155380.jpg\",\"width\":1200,\"height\":444,\"caption\":\"wedding photographer\"},{\"@type\":\"WebPage\",\"@id\":\"https:\/\/nejcbole.com\/si\/nejc-bole-porocni-fotograf\/#webpage\",\"url\":\"https:\/\/nejcbole.com\/si\/nejc-bole-porocni-fotograf\/\",\"name\":\"Poro\\u010dni fotograf iz Slovenije, Nejc Bole photography - O meni\",\"isPartOf\":{\"@id\":\"https:\/\/nejcbole.com\/si\/#website\"},\"primaryImageOfPage\":{\"@id\":\"https:\/\/nejcbole.com\/si\/nejc-bole-porocni-fotograf\/#primaryimage\"},\"datePublished\":\"2015-11-18T04:14:34+00:00\",\"dateModified\":\"2019-04-04T22:27:31+00:00\",\"description\":\"Poro\\u010dni fotograf. Pripovedovalec zgodb. Zabele\\u017eil bom vajine najintimnej\\u0161e trenutke in ustvaril spomine. Dovolita mi, da bom del vajine skupne poti.\",\"breadcrumb\":{\"@id\":\"https:\/\/nejcbole.com\/si\/nejc-bole-porocni-fotograf\/#breadcrumb\"},\"inLanguage\":\"sl-SI\",\"potentialAction\":[{\"@type\":\"ReadAction\",\"target\":[\"https:\/\/nejcbole.com\/si\/nejc-bole-porocni-fotograf\/\"]}]},{\"@type\":\"BreadcrumbList\",\"@id\":\"https:\/\/nejcbole.com\/si\/nejc-bole-porocni-fotograf\/#breadcrumb\",\"itemListElement\":[{\"@type\":\"ListItem\",\"position\":1,\"item\":{\"@type\":\"WebPage\",\"@id\":\"https:\/\/nejcbole.com\/si\/\",\"url\":\"https:\/\/nejcbole.com\/si\/\",\"name\":\"Home\"}},{\"@type\":\"ListItem\",\"position\":2,\"item\":{\"@id\":\"https:\/\/nejcbole.com\/si\/nejc-bole-porocni-fotograf\/#webpage\"}}]}]}<\/script>\n<!-- \/ Yoast SEO plugin. -->","_links":{"self":[{"href":"https:\/\/nejcbole.com\/si\/wp-json\/wp\/v2\/pages\/230"}],"collection":[{"href":"https:\/\/nejcbole.com\/si\/wp-json\/wp\/v2\/pages"}],"about":[{"href":"https:\/\/nejcbole.com\/si\/wp-json\/wp\/v2\/types\/page"}],"author":[{"embeddable":true,"href":"https:\/\/nejcbole.com\/si\/wp-json\/wp\/v2\/users\/1"}],"replies":[{"embeddable":true,"href":"https:\/\/nejcbole.com\/si\/wp-json\/wp\/v2\/comments?post=230"}],"version-history":[{"count":37,"href":"https:\/\/nejcbole.com\/si\/wp-json\/wp\/v2\/pages\/230\/revisions"}],"predecessor-version":[{"id":5346,"href":"https:\/\/nejcbole.com\/si\/wp-json\/wp\/v2\/pages\/230\/revisions\/5346"}],"wp:featuredmedia":[{"embeddable":true,"href":"https:\/\/nejcbole.com\/si\/wp-json\/wp\/v2\/media\/4883"}],"wp:attachment":[{"href":"https:\/\/nejcbole.com\/si\/wp-json\/wp\/v2\/media?parent=230"}],"curies":[{"name":"wp","href":"https:\/\/api.w.org\/{rel}","templated":true}]}}